{"id":146054,"date":"2026-01-13T11:04:49","date_gmt":"2026-01-13T10:04:49","guid":{"rendered":"https:\/\/murena.com\/shop\/unkategorisiert\/volla-tablet-schutz-tray\/"},"modified":"2026-03-05T15:48:51","modified_gmt":"2026-03-05T14:48:51","slug":"volla-tablet-schutz-tray","status":"publish","type":"product","link":"https:\/\/murena.com\/de\/laden\/zubehoer\/volla-tablet-schutz-tray\/","title":{"rendered":"Volla Tablet &#8211; Schutzh\u00fclle mit Murena-Logo"},"content":{"rendered":"","protected":false},"excerpt":{"rendered":"<p>Eine strapazierf\u00e4hige farbige R\u00fcckseite mit pr\u00e4zisen Aussparungen f\u00fcr die Kamera, die LED und die Anschl\u00fcsse. Sie sch\u00fctzt Ihr Volla Tablet vor Besch\u00e4digungen und verhindert gleichzeitig die Ansammlung von Staub und Schmutz und sorgt f\u00fcr einen sicheren Sitz und ein sauberes Aussehen. <\/p>\n","protected":false},"featured_media":146050,"comment_status":"open","ping_status":"closed","template":"","meta":{"_seopress_robots_primary_cat":"none","_seopress_titles_title":"Volla Tablet-Schutzh\u00fclle - Murena - deGoogled Phones","_seopress_titles_desc":"Sch\u00fctzen Sie Ihr Volla Tablet mit dieser strapazierf\u00e4higen farbigen R\u00fcckschale mit pr\u00e4zisen Aussparungen, einem sicheren Sitz und Schutz vor Staub, Schmutz und allt\u00e4glicher Abnutzung.","_seopress_robots_index":""},"product_brand":[],"product_cat":[454],"product_tag":[],"class_list":{"0":"post-146054","1":"product","2":"type-product","3":"status-publish","4":"has-post-thumbnail","6":"product_cat-zubehoer","7":"wpbf-post","10":"outofstock","11":"taxable","12":"shipping-taxable","13":"purchasable","14":"product-type-simple"},"bundled_by":[],"bundle_stock_status":"outofstock","bundle_stock_quantity":0,"bundle_virtual":false,"bundle_layout":"","bundle_add_to_cart_form_location":"","bundle_editable_in_cart":false,"bundle_sold_individually_context":"","bundle_item_grouping":"","bundle_min_size":"","bundle_max_size":"","bundle_price":[],"bundled_items":[],"bundle_sell_ids":[],"supplier_id":122275,"supplier_sku":"","barcode":null,"atum_controlled":true,"out_stock_date":"2026-03-09 13:15:45","out_stock_threshold":null,"inheritable":false,"inbound_stock":0,"stock_on_hold":0,"sold_today":0,"sales_last_days":0,"reserved_stock":0,"customer_returns":0,"warehouse_damage":0,"lost_in_post":0,"other_logs":0,"out_stock_days":45,"lost_sales":0,"has_location":false,"update_date":"2026-04-24T12:17:16","atum_locations":[],"atum_stock_status":"outofstock","restock_status":false,"low_stock_amount":"","sales_update_date":"2026-04-24T12:17:16","calc_backorders":null,"linked_bom":[],"sync_purchase_price":false,"bom_sellable":null,"minimum_threshold":null,"available_to_purchase":null,"selling_priority":null,"calculated_stock":null,"is_bom":false,"mi_inventories":[],"multi_inventory":"global","inventory_sorting_mode":"global","inventory_iteration":"global","expirable_inventories":"global","price_per_inventory":"global","show_write_off_inventories":"global","selectable_inventories":"global","selectable_inventories_mode":"global","_links":{"self":[{"href":"https:\/\/murena.com\/de\/wp-json\/wp\/v2\/product\/146054","targetHints":{"allow":["GET"]}}],"collection":[{"href":"https:\/\/murena.com\/de\/wp-json\/wp\/v2\/product"}],"about":[{"href":"https:\/\/murena.com\/de\/wp-json\/wp\/v2\/types\/product"}],"replies":[{"embeddable":true,"href":"https:\/\/murena.com\/de\/wp-json\/wp\/v2\/comments?post=146054"}],"wp:featuredmedia":[{"embeddable":true,"href":"https:\/\/murena.com\/de\/wp-json\/wp\/v2\/media\/146050"}],"wp:attachment":[{"href":"https:\/\/murena.com\/de\/wp-json\/wp\/v2\/media?parent=146054"}],"wp:term":[{"taxonomy":"product_brand","embeddable":true,"href":"https:\/\/murena.com\/de\/wp-json\/wp\/v2\/product_brand?post=146054"},{"taxonomy":"product_cat","embeddable":true,"href":"https:\/\/murena.com\/de\/wp-json\/wp\/v2\/product_cat?post=146054"},{"taxonomy":"product_tag","embeddable":true,"href":"https:\/\/murena.com\/de\/wp-json\/wp\/v2\/product_tag?post=146054"}],"curies":[{"name":"wp","href":"https:\/\/api.w.org\/{rel}","templated":true}]}}